{"id":100,"date":"2024-10-17T00:55:28","date_gmt":"2024-10-16T22:55:28","guid":{"rendered":"https:\/\/solidarite-phoceenne-provencale.fr\/?page_id=100"},"modified":"2024-11-05T14:55:48","modified_gmt":"2024-11-05T13:55:48","slug":"acces-des-mandataires","status":"publish","type":"page","link":"https:\/\/solidarite-phoceenne-provencale.fr\/index.php\/acces-des-mandataires\/","title":{"rendered":"Acc\u00e8s Mandataire"},"content":{"rendered":"\n<p>Cette page est destin\u00e9 \u00e0 permettre aux mandataires de la Solidarit\u00e9 Phoc\u00e9enne et Proven\u00e7ale dans chaque Loge d&rsquo;utiliser l&rsquo;application interne de gestion de l&rsquo;Association.<\/p>\n\n\n\n<p>Il vous faudra, bien s\u00fbr, vos codes de connexion personnels.<\/p>\n\n\n\n<p>Cliquez sur le bouton, et l&rsquo;application s&rsquo;ouvrira dans ce m\u00eame onglet du navigateur.<br><\/p>\n\n\n\n<div class=\"wp-block-buttons is-content-justification-center is-layout-flex wp-container-core-buttons-is-layout-8057eaf3 wp-block-buttons-is-layout-flex\">\n<div class=\"wp-block-button has-custom-width wp-block-button__width-75 has-custom-font-size is-style-fill has-medium-font-size\"><a class=\"wp-block-button__link has-background wp-element-button\" href=\"https:\/\/app.solidarite-phoceenne-provencale.fr\" style=\"background-color:#072fe3\">Connexion \u00e0 l&rsquo;espace mandataire<\/a><\/div>\n<\/div>\n\n\n\n<div style=\"height:50px\" aria-hidden=\"true\" class=\"wp-block-spacer\"><\/div>\n\n\n<div class=\"wp-block-image is-style-rounded\">\n<figure class=\"aligncenter size-large\"><img data-recalc-dims=\"1\" loading=\"lazy\" decoding=\"async\" width=\"525\" height=\"332\" src=\"https:\/\/i0.wp.com\/solidarite-phoceenne-provencale.fr\/wp-content\/uploads\/2024\/10\/Clef1.jpg?resize=525%2C332&#038;ssl=1\" alt=\"\" class=\"wp-image-159\" srcset=\"https:\/\/i0.wp.com\/solidarite-phoceenne-provencale.fr\/wp-content\/uploads\/2024\/10\/Clef1.jpg?resize=1024%2C647&amp;ssl=1 1024w, https:\/\/i0.wp.com\/solidarite-phoceenne-provencale.fr\/wp-content\/uploads\/2024\/10\/Clef1.jpg?resize=300%2C190&amp;ssl=1 300w, https:\/\/i0.wp.com\/solidarite-phoceenne-provencale.fr\/wp-content\/uploads\/2024\/10\/Clef1.jpg?resize=768%2C485&amp;ssl=1 768w, https:\/\/i0.wp.com\/solidarite-phoceenne-provencale.fr\/wp-content\/uploads\/2024\/10\/Clef1.jpg?resize=1536%2C971&amp;ssl=1 1536w, https:\/\/i0.wp.com\/solidarite-phoceenne-provencale.fr\/wp-content\/uploads\/2024\/10\/Clef1.jpg?w=1600&amp;ssl=1 1600w\" sizes=\"auto, (max-width: 767px) 89vw, (max-width: 1000px) 54vw, (max-width: 1071px) 543px, 580px\" \/><\/figure>\n<\/div>","protected":false},"excerpt":{"rendered":"<p>Cette page est destin\u00e9 \u00e0 permettre aux mandataires de la Solidarit\u00e9 Phoc\u00e9enne et Proven\u00e7ale dans chaque Loge d&rsquo;utiliser l&rsquo;application interne de gestion de l&rsquo;Association. Il vous faudra, bien s\u00fbr, vos codes de connexion personnels. Cliquez sur le bouton, et l&rsquo;application s&rsquo;ouvrira dans ce m\u00eame onglet du navigateur.<\/p>\n","protected":false},"author":4,"featured_media":0,"parent":0,"menu_order":0,"comment_status":"closed","ping_status":"closed","template":"","meta":{"advanced_seo_description":"","jetpack_seo_html_title":"","jetpack_seo_noindex":false,"footnotes":""},"class_list":["post-100","page","type-page","status-publish","hentry"],"jetpack_sharing_enabled":true,"_links":{"self":[{"href":"https:\/\/solidarite-phoceenne-provencale.fr\/index.php\/wp-json\/wp\/v2\/pages\/100","targetHints":{"allow":["GET"]}}],"collection":[{"href":"https:\/\/solidarite-phoceenne-provencale.fr\/index.php\/wp-json\/wp\/v2\/pages"}],"about":[{"href":"https:\/\/solidarite-phoceenne-provencale.fr\/index.php\/wp-json\/wp\/v2\/types\/page"}],"author":[{"embeddable":true,"href":"https:\/\/solidarite-phoceenne-provencale.fr\/index.php\/wp-json\/wp\/v2\/users\/4"}],"replies":[{"embeddable":true,"href":"https:\/\/solidarite-phoceenne-provencale.fr\/index.php\/wp-json\/wp\/v2\/comments?post=100"}],"version-history":[{"count":5,"href":"https:\/\/solidarite-phoceenne-provencale.fr\/index.php\/wp-json\/wp\/v2\/pages\/100\/revisions"}],"predecessor-version":[{"id":279,"href":"https:\/\/solidarite-phoceenne-provencale.fr\/index.php\/wp-json\/wp\/v2\/pages\/100\/revisions\/279"}],"wp:attachment":[{"href":"https:\/\/solidarite-phoceenne-provencale.fr\/index.php\/wp-json\/wp\/v2\/media?parent=100"}],"curies":[{"name":"wp","href":"https:\/\/api.w.org\/{rel}","templated":true}]}}