{"id":42,"date":"2024-10-16T17:02:55","date_gmt":"2024-10-16T15:02:55","guid":{"rendered":"https:\/\/solidarite-phoceenne-provencale.fr\/?page_id=42"},"modified":"2024-10-19T00:50:51","modified_gmt":"2024-10-18T22:50:51","slug":"bienvenue-sur-le-site-de-la-spp","status":"publish","type":"page","link":"https:\/\/solidarite-phoceenne-provencale.fr\/","title":{"rendered":"Bienvenue"},"content":{"rendered":"\n<div class=\"wp-block-columns are-vertically-aligned-center is-layout-flex wp-container-core-columns-is-layout-9d6595d7 wp-block-columns-is-layout-flex\">\n<div class=\"wp-block-column is-vertically-aligned-center is-layout-flow wp-block-column-is-layout-flow\" style=\"flex-basis:33.33%\">\n<figure class=\"wp-block-image size-full\"><img data-recalc-dims=\"1\" loading=\"lazy\" decoding=\"async\" width=\"525\" height=\"508\" src=\"https:\/\/i0.wp.com\/solidarite-phoceenne-provencale.fr\/wp-content\/uploads\/2024\/10\/Logo-SPP_2023.png?resize=525%2C508&#038;ssl=1\" alt=\"\" class=\"wp-image-90\" srcset=\"https:\/\/i0.wp.com\/solidarite-phoceenne-provencale.fr\/wp-content\/uploads\/2024\/10\/Logo-SPP_2023.png?w=2480&amp;ssl=1 2480w, https:\/\/i0.wp.com\/solidarite-phoceenne-provencale.fr\/wp-content\/uploads\/2024\/10\/Logo-SPP_2023.png?resize=300%2C290&amp;ssl=1 300w, https:\/\/i0.wp.com\/solidarite-phoceenne-provencale.fr\/wp-content\/uploads\/2024\/10\/Logo-SPP_2023.png?resize=1024%2C991&amp;ssl=1 1024w, https:\/\/i0.wp.com\/solidarite-phoceenne-provencale.fr\/wp-content\/uploads\/2024\/10\/Logo-SPP_2023.png?resize=768%2C743&amp;ssl=1 768w, https:\/\/i0.wp.com\/solidarite-phoceenne-provencale.fr\/wp-content\/uploads\/2024\/10\/Logo-SPP_2023.png?resize=1536%2C1486&amp;ssl=1 1536w, https:\/\/i0.wp.com\/solidarite-phoceenne-provencale.fr\/wp-content\/uploads\/2024\/10\/Logo-SPP_2023.png?resize=2048%2C1981&amp;ssl=1 2048w\" sizes=\"auto, (max-width: 767px) 89vw, (max-width: 1000px) 54vw, (max-width: 1071px) 543px, 580px\" \/><\/figure>\n<\/div>\n\n\n\n<div class=\"wp-block-column is-vertically-aligned-center is-layout-flow wp-block-column-is-layout-flow\" style=\"flex-basis:66.66%\">\n<h1 class=\"wp-block-heading\"><strong>Vous \u00eates sur le nouveau site Internet de la Solidarit\u00e9 Phoc\u00e9enne et Proven\u00e7ale.<\/strong><\/h1>\n<\/div>\n<\/div>\n\n\n\n<p>La Solidarit\u00e9 Phoc\u00e9enne et Proven\u00e7ale trouve ses racines dans \u00ab\u00a0La solidarit\u00e9 au d\u00e9c\u00e8s\u00a0\u00bb, fond\u00e9e en 1927 par des Francs-Ma\u00e7ons de diverses Ob\u00e9diences. Pour mieux organiser cette initiative, il fut d\u00e9cid\u00e9, en 1969, de la transformer en une association sans but lucratif r\u00e9gie par la Loi de 1901, donnant ainsi naissance \u00e0 \u00ab\u00a0La Solidarit\u00e9 Phoc\u00e9enne et Proven\u00e7ale\u00a0\u00bb.<\/p>\n\n\n\n<p>Son champ d&rsquo;intervention g\u00e9ographique s&rsquo;\u00e9tend de Perpignan \u00e0 Menton, de la Loz\u00e8re \u00e0 la Corse. Ce champ d&rsquo;intervention pourrait \u00e9voluer en fonction des besoins.<\/p>\n\n\n\n<p>Son fonctionnement est celui d&rsquo;un \u00ab\u00a0Tronc Hospitalier\u00a0\u00bb, ou \u00ab\u00a0Tronc de la Veuve\u00a0\u00bb, mais \u00e0 un \u00e9chelle plus large, entre les Loges, et sur un objet plus r\u00e9duit, la solidarit\u00e9 en cas de d\u00e9c\u00e8s.<\/p>\n\n\n<div class=\"wp-block-image is-style-rounded\">\n<figure class=\"aligncenter size-large\"><img data-recalc-dims=\"1\" loading=\"lazy\" decoding=\"async\" width=\"525\" height=\"220\" src=\"https:\/\/i0.wp.com\/solidarite-phoceenne-provencale.fr\/wp-content\/uploads\/2024\/10\/Accueil1.jpg?resize=525%2C220&#038;ssl=1\" alt=\"\" class=\"wp-image-164\" srcset=\"https:\/\/i0.wp.com\/solidarite-phoceenne-provencale.fr\/wp-content\/uploads\/2024\/10\/Accueil1.jpg?resize=1024%2C429&amp;ssl=1 1024w, https:\/\/i0.wp.com\/solidarite-phoceenne-provencale.fr\/wp-content\/uploads\/2024\/10\/Accueil1.jpg?resize=300%2C126&amp;ssl=1 300w, https:\/\/i0.wp.com\/solidarite-phoceenne-provencale.fr\/wp-content\/uploads\/2024\/10\/Accueil1.jpg?resize=768%2C322&amp;ssl=1 768w, https:\/\/i0.wp.com\/solidarite-phoceenne-provencale.fr\/wp-content\/uploads\/2024\/10\/Accueil1.jpg?w=1495&amp;ssl=1 1495w\" sizes=\"auto, (max-width: 767px) 89vw, (max-width: 1000px) 54vw, (max-width: 1071px) 543px, 580px\" \/><\/figure>\n<\/div>","protected":false},"excerpt":{"rendered":"<p>Vous \u00eates sur le nouveau site Internet de la Solidarit\u00e9 Phoc\u00e9enne et Proven\u00e7ale. La Solidarit\u00e9 Phoc\u00e9enne et Proven\u00e7ale trouve ses racines dans \u00ab\u00a0La solidarit\u00e9 au d\u00e9c\u00e8s\u00a0\u00bb, fond\u00e9e en 1927 par des Francs-Ma\u00e7ons de diverses Ob\u00e9diences. Pour mieux organiser cette initiative, il fut d\u00e9cid\u00e9, en 1969, de la transformer en une association sans but lucratif r\u00e9gie &hellip; <\/p>\n<p class=\"link-more\"><a href=\"https:\/\/solidarite-phoceenne-provencale.fr\/\" class=\"more-link\">Continuer la lecture<span class=\"screen-reader-text\"> de &laquo;&nbsp;Bienvenue&nbsp;&raquo;<\/span><\/a><\/p>\n","protected":false},"author":4,"featured_media":0,"parent":0,"menu_order":0,"comment_status":"closed","ping_status":"closed","template":"","meta":{"advanced_seo_description":"","jetpack_seo_html_title":"","jetpack_seo_noindex":false,"footnotes":""},"class_list":["post-42","page","type-page","status-publish","hentry"],"jetpack_sharing_enabled":true,"_links":{"self":[{"href":"https:\/\/solidarite-phoceenne-provencale.fr\/index.php\/wp-json\/wp\/v2\/pages\/42","targetHints":{"allow":["GET"]}}],"collection":[{"href":"https:\/\/solidarite-phoceenne-provencale.fr\/index.php\/wp-json\/wp\/v2\/pages"}],"about":[{"href":"https:\/\/solidarite-phoceenne-provencale.fr\/index.php\/wp-json\/wp\/v2\/types\/page"}],"author":[{"embeddable":true,"href":"https:\/\/solidarite-phoceenne-provencale.fr\/index.php\/wp-json\/wp\/v2\/users\/4"}],"replies":[{"embeddable":true,"href":"https:\/\/solidarite-phoceenne-provencale.fr\/index.php\/wp-json\/wp\/v2\/comments?post=42"}],"version-history":[{"count":0,"href":"https:\/\/solidarite-phoceenne-provencale.fr\/index.php\/wp-json\/wp\/v2\/pages\/42\/revisions"}],"wp:attachment":[{"href":"https:\/\/solidarite-phoceenne-provencale.fr\/index.php\/wp-json\/wp\/v2\/media?parent=42"}],"curies":[{"name":"wp","href":"https:\/\/api.w.org\/{rel}","templated":true}]}}