{"id":83,"date":"2024-10-17T00:29:11","date_gmt":"2024-10-16T22:29:11","guid":{"rendered":"https:\/\/solidarite-phoceenne-provencale.fr\/?page_id=83"},"modified":"2024-10-19T00:51:24","modified_gmt":"2024-10-18T22:51:24","slug":"un-peu-dhistoire","status":"publish","type":"page","link":"https:\/\/solidarite-phoceenne-provencale.fr\/index.php\/un-peu-dhistoire\/","title":{"rendered":"Un peu d&rsquo;histoire"},"content":{"rendered":"\n<p><strong>&nbsp;&nbsp;&nbsp;&nbsp;&nbsp;&nbsp;&nbsp;&nbsp;&nbsp;&nbsp;&nbsp;&nbsp;&nbsp;&nbsp;&nbsp;&nbsp;&nbsp;&nbsp;&nbsp;&nbsp;&nbsp;&nbsp;&nbsp;&nbsp;&nbsp;&nbsp;&nbsp;&nbsp;&nbsp;<\/strong><\/p>\n\n\n\n<p><strong>Il faut commencer par un peu d\u2019histoire, un congr\u00e8s des Loges Marseillaises r\u00e9unissant celles du Grand Orient et du Supr\u00eame Conseil eut lieu le 27&nbsp;ao\u00fbt 1852 \u00e0 Marseille. L\u2019ordre du jour comportait notamment&nbsp;:&nbsp;<\/strong><\/p>\n\n\n\n<p><strong>\u00ab\u2009R\u00e9unir les forces \u00e9parses de la ma\u00e7onnerie marseillaise dans un Temple unique et la cr\u00e9ation d\u2019une caisse de secours\u2009\u00bb.<\/strong><\/p>\n\n\n\n<p><strong>Concernant la caisse de secours, les statuts furent adopt\u00e9s avec pour titre \u00ab\u2009Association Mutuelle Ma\u00e7onnique\u2009\u00bb.<\/strong><\/p>\n\n\n\n<p><strong>\u00c0 travers le temps, cette caisse subit des fortunes et des titres divers&nbsp;: \u00ab\u2009La Fraternelle au d\u00e9c\u00e8s\u2009\u00bb, \u00ab\u2009La Mutuelle au d\u00e9c\u00e8s\u2009\u00bb.&nbsp;<\/strong><\/p>\n\n\n\n<p><strong>Au fil des ans, elle s\u2019\u00e9toffa de membres venus d\u2019autres Ob\u00e9diences que le G.O. Aussi, afin de mieux la structurer, il fut d\u00e9cid\u00e9 de la transformer en Association \u00ab\u2009loi de 1901\u2009\u00bb et c\u2019est ainsi que naquit, en 1969 la \u00ab\u2009Solidarit\u00e9 Phoc\u00e9enne et Proven\u00e7ale.&nbsp;&nbsp;<\/strong><\/p>\n\n\n\n<p><strong>Notre Association fit, en 1993, l\u2019acquisition de locaux au 26 de la rue Lafon&nbsp;13006 \u00e0 Marseille qui est, depuis lors, notre si\u00e8ge social.&nbsp;<\/strong><\/p>\n\n\n<div class=\"wp-block-image is-style-rounded\">\n<figure class=\"aligncenter size-large\"><img data-recalc-dims=\"1\" loading=\"lazy\" decoding=\"async\" width=\"525\" height=\"220\" src=\"https:\/\/i0.wp.com\/solidarite-phoceenne-provencale.fr\/wp-content\/uploads\/2024\/10\/Temple1.jpg?resize=525%2C220&#038;ssl=1\" alt=\"\" class=\"wp-image-175\" srcset=\"https:\/\/i0.wp.com\/solidarite-phoceenne-provencale.fr\/wp-content\/uploads\/2024\/10\/Temple1.jpg?resize=1024%2C430&amp;ssl=1 1024w, https:\/\/i0.wp.com\/solidarite-phoceenne-provencale.fr\/wp-content\/uploads\/2024\/10\/Temple1.jpg?resize=300%2C126&amp;ssl=1 300w, https:\/\/i0.wp.com\/solidarite-phoceenne-provencale.fr\/wp-content\/uploads\/2024\/10\/Temple1.jpg?resize=768%2C323&amp;ssl=1 768w, https:\/\/i0.wp.com\/solidarite-phoceenne-provencale.fr\/wp-content\/uploads\/2024\/10\/Temple1.jpg?resize=1536%2C645&amp;ssl=1 1536w, https:\/\/i0.wp.com\/solidarite-phoceenne-provencale.fr\/wp-content\/uploads\/2024\/10\/Temple1.jpg?w=1905&amp;ssl=1 1905w\" sizes=\"auto, (max-width: 767px) 89vw, (max-width: 1000px) 54vw, (max-width: 1071px) 543px, 580px\" \/><\/figure>\n<\/div>","protected":false},"excerpt":{"rendered":"<p>&nbsp;&nbsp;&nbsp;&nbsp;&nbsp;&nbsp;&nbsp;&nbsp;&nbsp;&nbsp;&nbsp;&nbsp;&nbsp;&nbsp;&nbsp;&nbsp;&nbsp;&nbsp;&nbsp;&nbsp;&nbsp;&nbsp;&nbsp;&nbsp;&nbsp;&nbsp;&nbsp;&nbsp;&nbsp; Il faut commencer par un peu d\u2019histoire, un congr\u00e8s des Loges Marseillaises r\u00e9unissant celles du Grand Orient et du Supr\u00eame Conseil eut lieu le 27&nbsp;ao\u00fbt 1852 \u00e0 Marseille. L\u2019ordre du jour comportait notamment&nbsp;:&nbsp; \u00ab\u2009R\u00e9unir les forces \u00e9parses de la ma\u00e7onnerie marseillaise dans un Temple unique et la cr\u00e9ation d\u2019une caisse de secours\u2009\u00bb. Concernant la &hellip; <\/p>\n<p class=\"link-more\"><a href=\"https:\/\/solidarite-phoceenne-provencale.fr\/index.php\/un-peu-dhistoire\/\" class=\"more-link\">Continuer la lecture<span class=\"screen-reader-text\"> de &laquo;&nbsp;Un peu d&rsquo;histoire&nbsp;&raquo;<\/span><\/a><\/p>\n","protected":false},"author":4,"featured_media":0,"parent":0,"menu_order":0,"comment_status":"closed","ping_status":"closed","template":"","meta":{"advanced_seo_description":"","jetpack_seo_html_title":"","jetpack_seo_noindex":false,"footnotes":""},"class_list":["post-83","page","type-page","status-publish","hentry"],"jetpack_sharing_enabled":true,"_links":{"self":[{"href":"https:\/\/solidarite-phoceenne-provencale.fr\/index.php\/wp-json\/wp\/v2\/pages\/83","targetHints":{"allow":["GET"]}}],"collection":[{"href":"https:\/\/solidarite-phoceenne-provencale.fr\/index.php\/wp-json\/wp\/v2\/pages"}],"about":[{"href":"https:\/\/solidarite-phoceenne-provencale.fr\/index.php\/wp-json\/wp\/v2\/types\/page"}],"author":[{"embeddable":true,"href":"https:\/\/solidarite-phoceenne-provencale.fr\/index.php\/wp-json\/wp\/v2\/users\/4"}],"replies":[{"embeddable":true,"href":"https:\/\/solidarite-phoceenne-provencale.fr\/index.php\/wp-json\/wp\/v2\/comments?post=83"}],"version-history":[{"count":0,"href":"https:\/\/solidarite-phoceenne-provencale.fr\/index.php\/wp-json\/wp\/v2\/pages\/83\/revisions"}],"wp:attachment":[{"href":"https:\/\/solidarite-phoceenne-provencale.fr\/index.php\/wp-json\/wp\/v2\/media?parent=83"}],"curies":[{"name":"wp","href":"https:\/\/api.w.org\/{rel}","templated":true}]}}